{"id":3365,"date":"2022-05-18T10:46:41","date_gmt":"2022-05-18T08:46:41","guid":{"rendered":"https:\/\/member.kilb.at\/musikverein\/?page_id=3365"},"modified":"2022-05-21T15:48:23","modified_gmt":"2022-05-21T13:48:23","slug":"geschichte","status":"publish","type":"page","link":"https:\/\/member.kilb.at\/musikverein\/geschichte\/","title":{"rendered":"Geschichte"},"content":{"rendered":"<p><div class=\"fusion-fullwidth fullwidth-box fusion-builder-row-1 fusion-flex-container nonhundred-percent-fullwidth non-hundred-percent-height-scrolling\" style=\"--awb-border-radius-top-left:0px;--awb-border-radius-top-right:0px;--awb-border-radius-bottom-right:0px;--awb-border-radius-bottom-left:0px;\" ><div class=\"fusion-builder-row fusion-row fusion-flex-align-items-stretch\" style=\"max-width:1378px;margin-left: calc(-4% \/ 2 );margin-right: calc(-4% \/ 2 );\"><div class=\"fusion-layout-column fusion_builder_column fusion-builder-column-0 fusion_builder_column_1_2 1_2 fusion-flex-column fusion-animated\" style=\"--awb-padding-right:0%;--awb-padding-bottom:7%;--awb-padding-left:0%;--awb-bg-size:cover;--awb-width-large:50%;--awb-margin-top-large:0px;--awb-spacing-right-large:9.6%;--awb-margin-bottom-large:0px;--awb-spacing-left-large:3.84%;--awb-width-medium:100%;--awb-order-medium:1;--awb-spacing-right-medium:1.92%;--awb-spacing-left-medium:1.92%;--awb-width-small:100%;--awb-spacing-right-small:1.92%;--awb-spacing-left-small:1.92%;\" data-animationType=\"fadeInDown\" data-animationDuration=\"0.8\" data-animationOffset=\"top-into-view\"><div class=\"fusion-column-wrapper fusion-column-has-shadow fusion-flex-justify-content-flex-start fusion-content-layout-column\"><div class=\"fusion-builder-row fusion-builder-row-inner fusion-row fusion-flex-align-items-stretch\" style=\"width:104% !important;max-width:104% !important;margin-left: calc(-4% \/ 2 );margin-right: calc(-4% \/ 2 );\"><div class=\"fusion-layout-column fusion_builder_column_inner fusion-builder-nested-column-0 fusion_builder_column_inner_1_5 1_5 fusion-flex-column fusion-no-small-visibility fusion-no-medium-visibility\" style=\"--awb-bg-size:cover;--awb-width-large:20%;--awb-margin-top-large:0px;--awb-spacing-right-large:-25px;--awb-margin-bottom-large:0px;--awb-spacing-left-large:9.6%;--awb-width-medium:100%;--awb-spacing-right-medium:1.92%;--awb-spacing-left-medium:1.92%;--awb-width-small:100%;--awb-spacing-right-small:1.92%;--awb-spacing-left-small:1.92%;\"><div class=\"fusion-column-wrapper fusion-column-has-shadow fusion-flex-justify-content-flex-start fusion-content-layout-column\"><div class=\"fusion-title title fusion-title-1 fusion-sep-none fusion-title-text fusion-title-size-one\" style=\"--awb-text-color:hsla(var(--awb-color7-h),var(--awb-color7-s),calc( var(--awb-color7-l) + 74% ),var(--awb-color7-a));--awb-font-size:250px;\"><h1 class=\"title-heading-left fusion-responsive-typography-calculated\" style=\"margin:0;font-size:1em;--fontSize:250;line-height:0.28;\"><p><b><br \/>\n1876<\/b><\/p><\/h1><\/div><\/div><\/div><div class=\"fusion-layout-column fusion_builder_column_inner fusion-builder-nested-column-1 fusion_builder_column_inner_4_5 4_5 fusion-flex-column\" style=\"--awb-bg-size:cover;--awb-width-large:80%;--awb-margin-top-large:0px;--awb-spacing-right-large:2.4%;--awb-margin-bottom-large:0px;--awb-spacing-left-large:-110px;--awb-width-medium:100%;--awb-spacing-right-medium:1.92%;--awb-spacing-left-medium:1.92%;--awb-width-small:100%;--awb-spacing-right-small:1.92%;--awb-spacing-left-small:1.92%;\"><div class=\"fusion-column-wrapper fusion-column-has-shadow fusion-flex-justify-content-flex-start fusion-content-layout-column\"><div class=\"fusion-separator fusion-no-small-visibility fusion-no-medium-visibility fusion-full-width-sep\" style=\"align-self: center;margin-left: auto;margin-right: auto;margin-bottom:75px;width:100%;\"><\/div><div class=\"fusion-title title fusion-title-2 fusion-sep-none fusion-title-text fusion-title-size-two\" style=\"--awb-text-color:var(--awb-color5);--awb-margin-bottom:0px;--awb-margin-bottom-small:0px;--awb-font-size:24px;\"><h2 class=\"title-heading-left fusion-responsive-typography-calculated\" style=\"margin:0;font-size:1em;--fontSize:24;--minFontSize:24;line-height:var(--awb-typography1-line-height);\">Gr\u00fcndungsjahr<\/h2><\/div><div class=\"fusion-title title fusion-title-3 fusion-sep-none fusion-title-text fusion-title-size-three\" style=\"--awb-font-size:58px;\"><h3 class=\"title-heading-left fusion-responsive-typography-calculated\" style=\"margin:0;font-size:1em;--fontSize:58;line-height:var(--awb-typography1-line-height);\">Kilber Musikkapelle<\/h3><\/div><\/div><\/div><\/div><div class=\"fusion-separator fusion-no-small-visibility fusion-no-medium-visibility fusion-full-width-sep\" style=\"align-self: center;margin-left: auto;margin-right: auto;margin-bottom:6%;width:100%;\"><\/div><div class=\"fusion-text fusion-text-1\"><p style=\"font-size: 23px;\" data-fusion-font=\"true\">Als Gr\u00fcndungsjahr der Kilber Musikkapelle wurde bisher das Jahr 1876 angenommen, was in den folgenden Zeilen best\u00e4tigt wird. M\u00f6glicherweise gab es schon fr\u00fcher in Kilb Blasmusiker. Damit ist Kilb nach Emmersdorf (1868) die zweit\u00e4lteste Blasmusikkapelle im Verwaltungsbezirk Melk.<\/p>\n<\/div><div class=\"fusion-separator fusion-full-width-sep\" style=\"align-self: center;margin-left: auto;margin-right: auto;margin-bottom:2%;width:100%;\"><\/div><div class=\"fusion-text fusion-text-2\"><p style=\"font-size: 23px;\" data-fusion-font=\"true\"><span style=\"color: #002c56;\"><strong>Foto<\/strong><\/span><br \/>\nDie Kilber Feuerwehr-Musikkapelle, 1886. Leider wurden\u00a0die Augen der Musikanten mit\u00a0einem Stift nachgezogen<\/p>\n<\/div><div class=\"fusion-separator fusion-full-width-sep\" style=\"align-self: center;margin-left: auto;margin-right: auto;margin-bottom:15px;width:100%;\"><\/div><\/div><\/div><div class=\"fusion-layout-column fusion_builder_column fusion-builder-column-1 fusion_builder_column_1_2 1_2 fusion-flex-column fusion-column-inner-bg-wrapper fusion-column-hover-type-liftup fusion-column-liftup-border fusion-animated\" style=\"--awb-padding-top-medium:20vh;--awb-padding-bottom-medium:20vh;--awb-overflow:hidden;--awb-inner-bg-position:center center;--awb-inner-bg-size:cover;--awb-border-radius:4px 4px 4px 90px;--awb-liftup-border-radius:4px 4px 4px 90px;--awb-width-large:50%;--awb-margin-top-large:0px;--awb-spacing-right-large:3.84%;--awb-margin-bottom-large:0px;--awb-spacing-left-large:0;--awb-width-medium:100%;--awb-order-medium:0;--awb-spacing-right-medium:1.92%;--awb-margin-bottom-medium:40px;--awb-spacing-left-medium:1.92%;--awb-width-small:100%;--awb-order-small:0;--awb-spacing-right-small:1.92%;--awb-spacing-left-small:1.92%;\" data-animationType=\"fadeInUp\" data-animationDuration=\"1.0\" data-animationOffset=\"top-into-view\"><span class=\"fusion-column-inner-bg hover-type-liftup\"><span class=\"fusion-column-anchor\"><span class=\"fusion-column-inner-bg-image lazyload\" data-bg=\"https:\/\/member.kilb.at\/musikverein\/wp-content\/uploads\/2022\/05\/GS-1876-Gruendung-P1180550.jpg\"><\/span><\/span><\/span><div class=\"fusion-column-wrapper fusion-flex-justify-content-flex-start fusion-content-layout-column fusion-empty-column-bg-image\" data-bg-url=\"https:\/\/member.kilb.at\/musikverein\/wp-content\/uploads\/2022\/05\/GS-1876-Gruendung-P1180550.jpg\"><img decoding=\"async\" class=\"fusion-empty-dims-img-placeholder fusion-no-large-visibility\" src=\"data:image\/svg+xml,%3Csvg%20xmlns%3D%27http%3A%2F%2Fwww.w3.org%2F2000%2Fsvg%27%20width%3D%272000%27%20height%3D%271350%27%20viewBox%3D%270%200%202000%201350%27%3E%3Crect%20width%3D%272000%27%20height%3D%271350%27%20fill-opacity%3D%220%22%2F%3E%3C%2Fsvg%3E\"><\/div><\/div><\/div><\/div><div class=\"fusion-fullwidth fullwidth-box fusion-builder-row-2 fusion-flex-container fusion-parallax-none nonhundred-percent-fullwidth non-hundred-percent-height-scrolling lazyload\" style=\"--awb-border-radius-top-left:0px;--awb-border-radius-top-right:0px;--awb-border-radius-bottom-right:0px;--awb-border-radius-bottom-left:0px;--awb-padding-top:10%;--awb-padding-bottom:10%;--awb-margin-bottom:0px;--awb-background-image:linear-gradient(180deg, hsla(var(--awb-color8-h),var(--awb-color8-s),var(--awb-color8-l),calc( var(--awb-color8-a) - 84% )) 0%,var(--awb-color8) 100%);;--awb-background-size:cover;--awb-filter:saturate(100%) brightness(100%);--awb-filter-transition:filter 0.3s ease;--awb-filter-hover:saturate(120%) brightness(110%);\" data-bg=\"https:\/\/member.kilb.at\/musikverein\/wp-content\/uploads\/2022\/05\/GS-1876-feier-Unbenannt-10.jpg\" data-bg-gradient=\"linear-gradient(180deg, hsla(var(--awb-color8-h),var(--awb-color8-s),var(--awb-color8-l),calc( var(--awb-color8-a) - 84% )) 0%,var(--awb-color8) 100%)\" ><div class=\"fusion-builder-row fusion-row fusion-flex-align-items-flex-start\" style=\"max-width:1378px;margin-left: calc(-4% \/ 2 );margin-right: calc(-4% \/ 2 );\"><div class=\"fusion-layout-column fusion_builder_column fusion-builder-column-2 fusion_builder_column_1_5 1_5 fusion-flex-column fusion-no-small-visibility\" style=\"--awb-bg-size:cover;--awb-width-large:20%;--awb-margin-top-large:0px;--awb-spacing-right-large:0%;--awb-margin-bottom-large:20px;--awb-spacing-left-large:9.6%;--awb-width-medium:100%;--awb-spacing-right-medium:1.92%;--awb-spacing-left-medium:1.92%;--awb-width-small:100%;--awb-spacing-right-small:1.92%;--awb-spacing-left-small:1.92%;\"><div class=\"fusion-column-wrapper fusion-column-has-shadow fusion-flex-justify-content-flex-start fusion-content-layout-column\"><div class=\"fusion-separator fusion-full-width-sep\" style=\"align-self: center;margin-left: auto;margin-right: auto;width:100%;\"><\/div><\/div><\/div><div class=\"fusion-layout-column fusion_builder_column fusion-builder-column-3 fusion_builder_column_3_5 3_5 fusion-flex-column fusion-animated\" style=\"--awb-bg-size:cover;--awb-width-large:60%;--awb-margin-top-large:0px;--awb-spacing-right-large:0%;--awb-margin-bottom-large:20px;--awb-spacing-left-large:0%;--awb-width-medium:100%;--awb-spacing-right-medium:1.92%;--awb-spacing-left-medium:1.92%;--awb-width-small:100%;--awb-spacing-right-small:1.92%;--awb-spacing-left-small:1.92%;\" data-animationType=\"fadeInUp\" data-animationDuration=\"1.0\" data-animationOffset=\"top-into-view\"><div class=\"fusion-column-wrapper fusion-column-has-shadow fusion-flex-justify-content-flex-start fusion-content-layout-column\"><div class=\"fusion-text fusion-text-3 fusion-no-small-visibility fusion-no-medium-visibility\" style=\"--awb-content-alignment:center;--awb-font-size:var(--awb-typography1-font-size);--awb-line-height:var(--awb-typography1-line-height);--awb-letter-spacing:var(--awb-typography1-letter-spacing);--awb-text-transform:var(--awb-typography1-text-transform);--awb-text-color:var(--awb-color1);--awb-text-font-family:var(--awb-typography1-font-family);--awb-text-font-weight:var(--awb-typography1-font-weight);--awb-text-font-style:var(--awb-typography1-font-style);\"><p>&#8222;Der Milit\u00e4r-Veteranen-Verein&#8220;<\/p>\n<\/div><i class=\"fb-icon-element-1 fb-icon-element fontawesome-icon fitness-separator circle-no\" style=\"--awb-iconcolor:var(--awb-color3);--awb-iconcolor-hover:var(--awb-color3);--awb-font-size:68px;--awb-align-self:center;--awb-margin-top:-15px;--awb-margin-right:0px;--awb-margin-bottom:15px;--awb-margin-left:0px;\"><\/i><div class=\"fusion-text fusion-text-4\"><p style=\"text-align: center; color: hsla(var(--awb-color2-h),var(--awb-color2-s),var(--awb-color2-l),calc( var(--awb-color2-a) - 25% )); font-size: 23px;\" data-fusion-font=\"true\">des Bezirkes Mank feierte am 20. August 1876 das allerh\u00f6chste Geburtsfest Sr. Majest\u00e4t des Kaisers Franz Josef I. und des Kronprinzen Erzherzog Rudolf in Kilb.<br \/>\nSchon am fr\u00fchen Morgen zeigten B\u00f6llersalven und die musikalische Tagwache den Beginn des Festes an. Um 8 Uhr versammelten sich die Mitglieder der Veteranen-Vereine aus den Nachbarorten beim J\u00e4gerhause westlich von Kilb, wo auch bald die Feuerwehren von St. Leonhard\/Forst, Ruprechtshofen und Mank eintrafen. Sodann bewegte sich der Zug unter Musikkl\u00e4ngen in den Markt Kilb. Nach einer Feldmesse und mehreren Ansprachen (Bgm.Steinhart) intonierte die Vereinskapelle die Volkshymne. Anschlie\u00dfend erfolgte die Defilierung s\u00e4mtlicher Vereine vor den Honoratioren. Nachmittags gab es ein Konzert im Br\u00e4uhausgarten des H.Joh.Seidenschwann und abends ein Tanzkr\u00e4nzchen im Saale des H.Martin Seidenschwann. F\u00fcr die Musik sorgte die Vereinskapelle des Kilber-Veteranen-Vereines.<\/p>\n<\/div><div class=\"fusion-separator fusion-full-width-sep\" style=\"align-self: center;margin-left: auto;margin-right: auto;margin-bottom:15px;width:100%;\"><\/div><\/div><\/div><div class=\"fusion-layout-column fusion_builder_column fusion-builder-column-4 fusion_builder_column_1_5 1_5 fusion-flex-column fusion-no-small-visibility\" style=\"--awb-bg-size:cover;--awb-width-large:20%;--awb-margin-top-large:0px;--awb-spacing-right-large:9.6%;--awb-margin-bottom-large:20px;--awb-spacing-left-large:0%;--awb-width-medium:100%;--awb-spacing-right-medium:1.92%;--awb-spacing-left-medium:1.92%;--awb-width-small:100%;--awb-spacing-right-small:1.92%;--awb-spacing-left-small:1.92%;\"><div class=\"fusion-column-wrapper fusion-column-has-shadow fusion-flex-justify-content-flex-start fusion-content-layout-column\"><div class=\"fusion-separator fusion-full-width-sep\" style=\"align-self: center;margin-left: auto;margin-right: auto;width:100%;\"><\/div><\/div><\/div><\/div><\/div><div class=\"fusion-fullwidth fullwidth-box fusion-builder-row-3 fusion-flex-container nonhundred-percent-fullwidth non-hundred-percent-height-scrolling\" style=\"--awb-border-radius-top-left:0px;--awb-border-radius-top-right:0px;--awb-border-radius-bottom-right:0px;--awb-border-radius-bottom-left:0px;\" ><div class=\"fusion-builder-row fusion-row fusion-flex-align-items-stretch\" style=\"max-width:1378px;margin-left: calc(-4% \/ 2 );margin-right: calc(-4% \/ 2 );\"><div class=\"fusion-layout-column fusion_builder_column fusion-builder-column-5 fusion_builder_column_1_2 1_2 fusion-flex-column fusion-animated\" style=\"--awb-padding-right:0%;--awb-padding-bottom:7%;--awb-padding-left:0%;--awb-bg-size:cover;--awb-width-large:50%;--awb-margin-top-large:0px;--awb-spacing-right-large:9.6%;--awb-margin-bottom-large:0px;--awb-spacing-left-large:3.84%;--awb-width-medium:100%;--awb-order-medium:1;--awb-spacing-right-medium:1.92%;--awb-spacing-left-medium:1.92%;--awb-width-small:100%;--awb-spacing-right-small:1.92%;--awb-spacing-left-small:1.92%;\" data-animationType=\"fadeInDown\" data-animationDuration=\"0.8\" data-animationOffset=\"top-into-view\"><div class=\"fusion-column-wrapper fusion-column-has-shadow fusion-flex-justify-content-flex-start fusion-content-layout-column\"><div class=\"fusion-builder-row fusion-builder-row-inner fusion-row fusion-flex-align-items-stretch\" style=\"width:104% !important;max-width:104% !important;margin-left: calc(-4% \/ 2 );margin-right: calc(-4% \/ 2 );\"><div class=\"fusion-layout-column fusion_builder_column_inner fusion-builder-nested-column-2 fusion_builder_column_inner_1_5 1_5 fusion-flex-column fusion-no-small-visibility fusion-no-medium-visibility\" style=\"--awb-bg-size:cover;--awb-width-large:20%;--awb-margin-top-large:0px;--awb-spacing-right-large:-25px;--awb-margin-bottom-large:0px;--awb-spacing-left-large:9.6%;--awb-width-medium:100%;--awb-spacing-right-medium:1.92%;--awb-spacing-left-medium:1.92%;--awb-width-small:100%;--awb-spacing-right-small:1.92%;--awb-spacing-left-small:1.92%;\"><div class=\"fusion-column-wrapper fusion-column-has-shadow fusion-flex-justify-content-flex-start fusion-content-layout-column\"><div class=\"fusion-title title fusion-title-4 fusion-sep-none fusion-title-text fusion-title-size-one\" style=\"--awb-text-color:hsla(var(--awb-color7-h),var(--awb-color7-s),calc( var(--awb-color7-l) + 74% ),var(--awb-color7-a));--awb-font-size:250px;\"><h1 class=\"title-heading-left fusion-responsive-typography-calculated\" style=\"margin:0;font-size:1em;--fontSize:250;line-height:0.28;\"><p><b><br \/>\n1908<\/b><\/p><\/h1><\/div><\/div><\/div><div class=\"fusion-layout-column fusion_builder_column_inner fusion-builder-nested-column-3 fusion_builder_column_inner_4_5 4_5 fusion-flex-column\" style=\"--awb-bg-size:cover;--awb-width-large:80%;--awb-margin-top-large:0px;--awb-spacing-right-large:2.4%;--awb-margin-bottom-large:0px;--awb-spacing-left-large:-110px;--awb-width-medium:100%;--awb-spacing-right-medium:1.92%;--awb-spacing-left-medium:1.92%;--awb-width-small:100%;--awb-spacing-right-small:1.92%;--awb-spacing-left-small:1.92%;\"><div class=\"fusion-column-wrapper fusion-column-has-shadow fusion-flex-justify-content-flex-start fusion-content-layout-column\"><div class=\"fusion-separator fusion-no-small-visibility fusion-no-medium-visibility fusion-full-width-sep\" style=\"align-self: center;margin-left: auto;margin-right: auto;margin-bottom:75px;width:100%;\"><\/div><div class=\"fusion-title title fusion-title-5 fusion-sep-none fusion-title-text fusion-title-size-two\" style=\"--awb-text-color:var(--awb-color5);--awb-margin-bottom:0px;--awb-margin-bottom-small:0px;--awb-font-size:24px;\"><h2 class=\"title-heading-left fusion-responsive-typography-calculated\" style=\"margin:0;font-size:1em;--fontSize:24;--minFontSize:24;line-height:var(--awb-typography1-line-height);\">Kaiser-Huldigungsfest<\/h2><\/div><div class=\"fusion-title title fusion-title-6 fusion-sep-none fusion-title-text fusion-title-size-three\" style=\"--awb-font-size:58px;\"><h3 class=\"title-heading-left fusion-responsive-typography-calculated\" style=\"margin:0;font-size:1em;--fontSize:58;line-height:var(--awb-typography1-line-height);\">60 j\u00e4hrigen Regierungs-Jubil\u00e4ums<\/h3><\/div><\/div><\/div><\/div><div class=\"fusion-separator fusion-no-small-visibility fusion-no-medium-visibility fusion-full-width-sep\" style=\"align-self: center;margin-left: auto;margin-right: auto;margin-bottom:6%;width:100%;\"><\/div><div class=\"fusion-text fusion-text-5\"><p style=\"font-size: 23px;\" data-fusion-font=\"true\">Jahrzehnte sp\u00e4ter (am 30.August 1908) fand ein von Gemeinde (Bgm.Krautwurst), Ortsschulrat, Pfarramt, Veteranenverein und Feuerwehr organisiertes Kaiser-Huldigungsfest anl\u00e4sslich des 60 j\u00e4hrigen Regierungs-Jubil\u00e4ums Franz Josef I. in Kilb statt, das trotz ung\u00fcnstiger Witterung einen gl\u00e4nzenden Verlauf nahm. Aus einem noch vorhandenen Plakat war die Festordnung ersichtlich. So gab es am Vorabend einen Zapfenstreich, einen Fackelzug und ein Feuerwerk. Am Sonntag erfolgte um 5 Uhr fr\u00fch ein musikalischer Weckruf, um 10 Uhr eine Festmesse im Schlosspark und nachmittags ein Festzug durch den Markt und Belustigungen am Festplatz. Um 7 Uhr abends gab es ein Tanzkr\u00e4nzchen im Gasthof Sieder (heute Fischl). An beiden Tagen musizierte die Veteranenkapelle Kilb.<\/p>\n<\/div><div class=\"fusion-separator fusion-full-width-sep\" style=\"align-self: center;margin-left: auto;margin-right: auto;margin-bottom:2%;width:100%;\"><\/div><\/div><\/div><div class=\"fusion-layout-column fusion_builder_column fusion-builder-column-6 fusion_builder_column_1_2 1_2 fusion-flex-column fusion-column-inner-bg-wrapper fusion-column-hover-type-liftup fusion-column-liftup-border fusion-animated\" style=\"--awb-padding-top-medium:20vh;--awb-padding-bottom-medium:20vh;--awb-overflow:hidden;--awb-inner-bg-position:center center;--awb-inner-bg-size:cover;--awb-border-radius:4px 4px 4px 90px;--awb-liftup-border-radius:4px 4px 4px 90px;--awb-width-large:50%;--awb-margin-top-large:0px;--awb-spacing-right-large:0%;--awb-margin-bottom-large:0px;--awb-spacing-left-large:7.296%;--awb-width-medium:100%;--awb-order-medium:0;--awb-spacing-right-medium:1.92%;--awb-margin-bottom-medium:40px;--awb-spacing-left-medium:1.92%;--awb-width-small:100%;--awb-order-small:0;--awb-spacing-right-small:1.92%;--awb-spacing-left-small:1.92%;\" data-animationType=\"fadeInUp\" data-animationDuration=\"1.0\" data-animationOffset=\"top-into-view\"><span class=\"fusion-column-inner-bg hover-type-liftup\"><a class=\"fusion-column-anchor\" href=\"https:\/\/bit.ly\/3coTeyo\"><span class=\"fusion-column-inner-bg-image lazyload\" data-bg=\"https:\/\/member.kilb.at\/musikverein\/wp-content\/uploads\/2022\/05\/GS-platzhalter-Dokumentname.jpg\"><\/span><\/a><\/span><div class=\"fusion-column-wrapper fusion-flex-justify-content-flex-start fusion-content-layout-column fusion-empty-column-bg-image\" data-bg-url=\"https:\/\/member.kilb.at\/musikverein\/wp-content\/uploads\/2022\/05\/GS-platzhalter-Dokumentname.jpg\"><img decoding=\"async\" class=\"fusion-empty-dims-img-placeholder fusion-no-large-visibility\" src=\"data:image\/svg+xml,%3Csvg%20xmlns%3D%27http%3A%2F%2Fwww.w3.org%2F2000%2Fsvg%27%20width%3D%272000%27%20height%3D%271295%27%20viewBox%3D%270%200%202000%201295%27%3E%3Crect%20width%3D%272000%27%20height%3D%271295%27%20fill-opacity%3D%220%22%2F%3E%3C%2Fsvg%3E\"><\/div><\/div><\/div><\/div><div class=\"fusion-fullwidth fullwidth-box fusion-builder-row-4 fusion-flex-container nonhundred-percent-fullwidth non-hundred-percent-height-scrolling\" style=\"--awb-border-radius-top-left:0px;--awb-border-radius-top-right:0px;--awb-border-radius-bottom-right:0px;--awb-border-radius-bottom-left:0px;--awb-padding-top:0px;\" ><div class=\"fusion-builder-row fusion-row fusion-flex-align-items-stretch\" style=\"max-width:1378px;margin-left: calc(-4% \/ 2 );margin-right: calc(-4% \/ 2 );\"><div class=\"fusion-layout-column fusion_builder_column fusion-builder-column-7 fusion_builder_column_1_2 1_2 fusion-flex-column fusion-column-inner-bg-wrapper fusion-column-hover-type-liftup fusion-column-liftup-border fusion-animated\" style=\"--awb-padding-top-medium:20vh;--awb-padding-bottom-medium:20vh;--awb-overflow:hidden;--awb-inner-bg-position:center center;--awb-inner-bg-size:cover;--awb-border-radius:4px 4px 90px 4px;--awb-liftup-border-radius:4px 4px 90px 4px;--awb-width-large:50%;--awb-margin-top-large:0px;--awb-spacing-right-large:2.304%;--awb-margin-bottom-large:0px;--awb-spacing-left-large:0%;--awb-width-medium:100%;--awb-order-medium:0;--awb-spacing-right-medium:1.92%;--awb-spacing-left-medium:1.92%;--awb-width-small:100%;--awb-order-small:0;--awb-spacing-right-small:1.92%;--awb-spacing-left-small:1.92%;\" data-animationType=\"fadeInLeft\" data-animationDuration=\"1.0\" data-animationOffset=\"top-into-view\"><span class=\"fusion-column-inner-bg hover-type-liftup\"><a class=\"fusion-column-anchor\" href=\"https:\/\/bit.ly\/3coTeyo\"><span class=\"fusion-column-inner-bg-image lazyload\" data-bg=\"https:\/\/member.kilb.at\/musikverein\/wp-content\/uploads\/2022\/05\/GS-platzhalter-Dokumentname.jpg\"><\/span><\/a><\/span><div class=\"fusion-column-wrapper fusion-flex-justify-content-flex-start fusion-content-layout-column fusion-empty-column-bg-image\" data-bg-url=\"https:\/\/member.kilb.at\/musikverein\/wp-content\/uploads\/2022\/05\/GS-platzhalter-Dokumentname.jpg\"><img decoding=\"async\" class=\"fusion-empty-dims-img-placeholder fusion-no-large-visibility\" src=\"data:image\/svg+xml,%3Csvg%20xmlns%3D%27http%3A%2F%2Fwww.w3.org%2F2000%2Fsvg%27%20width%3D%272000%27%20height%3D%271295%27%20viewBox%3D%270%200%202000%201295%27%3E%3Crect%20width%3D%272000%27%20height%3D%271295%27%20fill-opacity%3D%220%22%2F%3E%3C%2Fsvg%3E\"><\/div><\/div><div class=\"fusion-layout-column fusion_builder_column fusion-builder-column-8 fusion_builder_column_1_2 1_2 fusion-flex-column fusion-animated\" style=\"--awb-padding-bottom:7%;--awb-padding-left:0%;--awb-bg-size:cover;--awb-width-large:50%;--awb-margin-top-large:0px;--awb-spacing-right-large:3.84%;--awb-margin-bottom-large:0px;--awb-spacing-left-large:9.6%;--awb-width-medium:100%;--awb-spacing-right-medium:1.92%;--awb-spacing-left-medium:1.92%;--awb-width-small:100%;--awb-spacing-right-small:1.92%;--awb-spacing-left-small:1.92%;\" data-animationType=\"fadeInRight\" data-animationDuration=\"0.8\" data-animationOffset=\"top-into-view\"><div class=\"fusion-column-wrapper fusion-column-has-shadow fusion-flex-justify-content-flex-start fusion-content-layout-column\"><div class=\"fusion-builder-row fusion-builder-row-inner fusion-row fusion-flex-align-items-stretch\" style=\"width:104% !important;max-width:104% !important;margin-left: calc(-4% \/ 2 );margin-right: calc(-4% \/ 2 );\"><div class=\"fusion-layout-column fusion_builder_column_inner fusion-builder-nested-column-4 fusion_builder_column_inner_1_5 1_5 fusion-flex-column fusion-no-small-visibility fusion-no-medium-visibility\" style=\"--awb-bg-size:cover;--awb-width-large:20%;--awb-margin-top-large:0px;--awb-spacing-right-large:-25px;--awb-margin-bottom-large:0px;--awb-spacing-left-large:9.6%;--awb-width-medium:100%;--awb-spacing-right-medium:1.92%;--awb-spacing-left-medium:1.92%;--awb-width-small:100%;--awb-spacing-right-small:1.92%;--awb-spacing-left-small:1.92%;\"><div class=\"fusion-column-wrapper fusion-column-has-shadow fusion-flex-justify-content-flex-start fusion-content-layout-column\"><div class=\"fusion-title title fusion-title-7 fusion-sep-none fusion-title-text fusion-title-size-one\" style=\"--awb-text-color:hsla(var(--awb-color7-h),var(--awb-color7-s),calc( var(--awb-color7-l) + 74% ),var(--awb-color7-a));--awb-font-size:250px;\"><h1 class=\"title-heading-left fusion-responsive-typography-calculated\" style=\"margin:0;font-size:1em;--fontSize:250;line-height:0.28;\"><p><b><br \/>\n1913<\/b><\/p><\/h1><\/div><\/div><\/div><div class=\"fusion-layout-column fusion_builder_column_inner fusion-builder-nested-column-5 fusion_builder_column_inner_4_5 4_5 fusion-flex-column\" style=\"--awb-bg-size:cover;--awb-width-large:80%;--awb-margin-top-large:0px;--awb-spacing-right-large:2.4%;--awb-margin-bottom-large:0px;--awb-spacing-left-large:-110px;--awb-width-medium:100%;--awb-spacing-right-medium:1.92%;--awb-spacing-left-medium:1.92%;--awb-width-small:100%;--awb-spacing-right-small:1.92%;--awb-spacing-left-small:1.92%;\"><div class=\"fusion-column-wrapper fusion-column-has-shadow fusion-flex-justify-content-flex-start fusion-content-layout-column\"><div class=\"fusion-separator fusion-full-width-sep\" style=\"align-self: center;margin-left: auto;margin-right: auto;margin-bottom:75px;width:100%;\"><\/div><div class=\"fusion-title title fusion-title-8 fusion-sep-none fusion-title-text fusion-title-size-two\" style=\"--awb-text-color:var(--awb-color5);--awb-margin-bottom:0px;--awb-margin-bottom-small:0px;--awb-font-size:24px;\"><h2 class=\"title-heading-left fusion-responsive-typography-calculated\" style=\"margin:0;font-size:1em;--fontSize:24;--minFontSize:24;line-height:var(--awb-typography1-line-height);\">Neue<\/h2><\/div><div class=\"fusion-title title fusion-title-9 fusion-sep-none fusion-title-text fusion-title-size-three\" style=\"--awb-font-size:58px;\"><h3 class=\"title-heading-left fusion-responsive-typography-calculated\" style=\"margin:0;font-size:1em;--fontSize:58;line-height:var(--awb-typography1-line-height);\">Volksschule<\/h3><\/div><\/div><\/div><\/div><div class=\"fusion-separator fusion-no-small-visibility fusion-no-medium-visibility fusion-full-width-sep\" style=\"align-self: center;margin-left: auto;margin-right: auto;margin-bottom:6%;width:100%;\"><\/div><div class=\"fusion-text fusion-text-6\"><p style=\"font-size: 23px;\" data-fusion-font=\"true\">Die neue Volksschule und Schulfahne wurden am 18.5.1913 von P. Benedikt Ki\u00dfling und dem Melker Dechant geweiht. Vorher marschierten Schulkinder, Honoratioren und Vereine mit Fahne und Musik in die Kirche. Nach mehreren Ansprachen intonierte die Musikkapelle beim festlich geschm\u00fcckten Schulgeb\u00e4ude die Volkshymne. Abends gab es in den Saallokalit\u00e4ten Wegerer (heute Fischl) ein Konzert und Vortr\u00e4ge des Gesang-und Musikklubs Kilb (Diese Vereinigung hat schon vor 1908 bestanden).<\/p>\n<\/div><div class=\"fusion-separator fusion-full-width-sep\" style=\"align-self: center;margin-left: auto;margin-right: auto;margin-bottom:2%;width:100%;\"><\/div><\/div><\/div><\/div><\/div><div class=\"fusion-fullwidth fullwidth-box fusion-builder-row-5 fusion-flex-container fusion-parallax-none nonhundred-percent-fullwidth non-hundred-percent-height-scrolling lazyload\" style=\"--awb-border-radius-top-left:0px;--awb-border-radius-top-right:0px;--awb-border-radius-bottom-right:0px;--awb-border-radius-bottom-left:0px;--awb-padding-top:10%;--awb-padding-bottom:10%;--awb-margin-bottom:0px;--awb-background-image:linear-gradient(180deg, hsla(var(--awb-color8-h),var(--awb-color8-s),var(--awb-color8-l),calc( var(--awb-color8-a) - 84% )) 0%,var(--awb-color8) 100%);;--awb-background-size:cover;--awb-filter:saturate(100%) brightness(100%);--awb-filter-transition:filter 0.3s ease;--awb-filter-hover:saturate(120%) brightness(110%);\" data-bg=\"https:\/\/member.kilb.at\/musikverein\/wp-content\/uploads\/2022\/05\/GS-1876-feier-Unbenannt-10.jpg\" data-bg-gradient=\"linear-gradient(180deg, hsla(var(--awb-color8-h),var(--awb-color8-s),var(--awb-color8-l),calc( var(--awb-color8-a) - 84% )) 0%,var(--awb-color8) 100%)\" ><div class=\"fusion-builder-row fusion-row fusion-flex-align-items-flex-start\" style=\"max-width:1378px;margin-left: calc(-4% \/ 2 );margin-right: calc(-4% \/ 2 );\"><div class=\"fusion-layout-column fusion_builder_column fusion-builder-column-9 fusion_builder_column_1_5 1_5 fusion-flex-column fusion-no-small-visibility\" style=\"--awb-bg-size:cover;--awb-width-large:20%;--awb-margin-top-large:0px;--awb-spacing-right-large:0%;--awb-margin-bottom-large:20px;--awb-spacing-left-large:9.6%;--awb-width-medium:100%;--awb-spacing-right-medium:1.92%;--awb-spacing-left-medium:1.92%;--awb-width-small:100%;--awb-spacing-right-small:1.92%;--awb-spacing-left-small:1.92%;\"><div class=\"fusion-column-wrapper fusion-column-has-shadow fusion-flex-justify-content-flex-start fusion-content-layout-column\"><div class=\"fusion-separator fusion-full-width-sep\" style=\"align-self: center;margin-left: auto;margin-right: auto;width:100%;\"><\/div><\/div><\/div><div class=\"fusion-layout-column fusion_builder_column fusion-builder-column-10 fusion_builder_column_3_5 3_5 fusion-flex-column fusion-animated\" style=\"--awb-bg-size:cover;--awb-width-large:60%;--awb-margin-top-large:0px;--awb-spacing-right-large:0%;--awb-margin-bottom-large:20px;--awb-spacing-left-large:0%;--awb-width-medium:100%;--awb-spacing-right-medium:1.92%;--awb-spacing-left-medium:1.92%;--awb-width-small:100%;--awb-spacing-right-small:1.92%;--awb-spacing-left-small:1.92%;\" data-animationType=\"fadeInUp\" data-animationDuration=\"1.0\" data-animationOffset=\"top-into-view\"><div class=\"fusion-column-wrapper fusion-column-has-shadow fusion-flex-justify-content-flex-start fusion-content-layout-column\"><div class=\"fusion-text fusion-text-7 fusion-no-small-visibility fusion-no-medium-visibility\" style=\"--awb-content-alignment:center;--awb-font-size:var(--awb-typography1-font-size);--awb-line-height:var(--awb-typography1-line-height);--awb-letter-spacing:var(--awb-typography1-letter-spacing);--awb-text-transform:var(--awb-typography1-text-transform);--awb-text-color:var(--awb-color1);--awb-text-font-family:var(--awb-typography1-font-family);--awb-text-font-weight:var(--awb-typography1-font-weight);--awb-text-font-style:var(--awb-typography1-font-style);\"><p>Noch in Arbeit &#8230;<\/p>\n<\/div><i class=\"fb-icon-element-2 fb-icon-element fontawesome-icon fitness-separator circle-no\" style=\"--awb-iconcolor:var(--awb-color3);--awb-iconcolor-hover:var(--awb-color3);--awb-font-size:68px;--awb-align-self:center;--awb-margin-top:-15px;--awb-margin-right:0px;--awb-margin-bottom:15px;--awb-margin-left:0px;\"><\/i><div class=\"fusion-text fusion-text-8\"><p style=\"text-align: center; color: hsla(var(--awb-color2-h),var(--awb-color2-s),var(--awb-color2-l),calc( var(--awb-color2-a) - 25% )); font-size: 23px;\" data-fusion-font=\"true\">Weiteres \u00fcber unsere Vergangenheit wird noch aufgearbeitet und ist zurzeit als Text verf\u00fcgbar.<\/p>\n<\/div><div class=\"fusion-separator fusion-full-width-sep\" style=\"align-self: center;margin-left: auto;margin-right: auto;margin-bottom:15px;width:100%;\"><\/div><\/div><\/div><div class=\"fusion-layout-column fusion_builder_column fusion-builder-column-11 fusion_builder_column_1_5 1_5 fusion-flex-column fusion-no-small-visibility\" style=\"--awb-bg-size:cover;--awb-width-large:20%;--awb-margin-top-large:0px;--awb-spacing-right-large:9.6%;--awb-margin-bottom-large:20px;--awb-spacing-left-large:0%;--awb-width-medium:100%;--awb-spacing-right-medium:1.92%;--awb-spacing-left-medium:1.92%;--awb-width-small:100%;--awb-spacing-right-small:1.92%;--awb-spacing-left-small:1.92%;\"><div class=\"fusion-column-wrapper fusion-column-has-shadow fusion-flex-justify-content-flex-start fusion-content-layout-column\"><div class=\"fusion-separator fusion-full-width-sep\" style=\"align-self: center;margin-left: auto;margin-right: auto;width:100%;\"><\/div><\/div><\/div><\/div><\/div><div class=\"fusion-fullwidth fullwidth-box fusion-builder-row-6 fusion-flex-container nonhundred-percent-fullwidth non-hundred-percent-height-scrolling\" style=\"--awb-border-radius-top-left:0px;--awb-border-radius-top-right:0px;--awb-border-radius-bottom-right:0px;--awb-border-radius-bottom-left:0px;\" ><div class=\"fusion-builder-row fusion-row fusion-flex-align-items-stretch\" style=\"max-width:1378px;margin-left: calc(-4% \/ 2 );margin-right: calc(-4% \/ 2 );\"><div class=\"fusion-layout-column fusion_builder_column fusion-builder-column-12 fusion_builder_column_1_1 1_1 fusion-flex-column\" style=\"--awb-bg-size:cover;--awb-width-large:100%;--awb-margin-top-large:0px;--awb-spacing-right-large:1.92%;--awb-margin-bottom-large:20px;--awb-spacing-left-large:1.92%;--awb-width-medium:100%;--awb-order-medium:0;--awb-spacing-right-medium:1.92%;--awb-spacing-left-medium:1.92%;--awb-width-small:100%;--awb-order-small:0;--awb-spacing-right-small:1.92%;--awb-spacing-left-small:1.92%;\"><div class=\"fusion-column-wrapper fusion-column-has-shadow fusion-flex-justify-content-flex-start fusion-content-layout-column\"><div class=\"fusion-text fusion-text-9\"><p>Nach dem 1. Weltkrieg soll Herr Rittl Leiter der Kilber Musikkapelle gewesen sein. Sein Nachfolger war Herr Adolf Kargl, der am 21. und 22. August 1920 bei der Weihe von 6 neuen Glocken (Gie\u00dferei St. Florian) mit seiner Kapelle f\u00fcr Musik beim Fackelzug, beim Weckruf und beim Abholen der kirchlichen und weltlichen W\u00fcrdentr\u00e4ger vom Schloss Gr\u00fcnbichl zur Glockenweihe bei der Kirche sorgte.<\/p>\n<p>Eine seltene \u00dcberraschung wurde den Kilbern nach der Christmette 1927 zuteil. Erstmals h\u00f6rte man vom Kirchturm bei ausnahmsweise ruhigem Wetter das Lied &#8222;Stille Nacht, heilige Nacht&#8220;, das von einem Hornquartett (Leiter Adolf Kargl) geboten wurde.<\/p>\n<p>Vom Jahre 1934 an war die Musikkapelle Kargl gen\u00f6tigt, bei verschiedenen vaterl\u00e4ndischen oder politischen Veranstaltungen teilzunehmen. Mit Beginn des 2. Weltkrieges &#8222;verstummte&#8220; so wie fast \u00fcberall in Kilb die Blasmusik, weil die meisten Musiker zu den Waffen gerufen wurden.<\/p>\n<p>3.11.46 &#8222;Ostarichi&#8220; &#8211; 950 Jahrfeier in Kilb<\/p>\n<p>Leiter Prof. Ilias. Festzug mit unz\u00e4hligen Gruppen im Markt. (Landwirtschaft, Gewerbe, Goldhaubengruppe, Schuhplattler, Imker zeigten auf vielen Wagen ihre Arbeitsger\u00e4te, Produkte aus allen Jahreszeiten. Vor dem Fr\u00fchlingswagen spielte die Musikkapelle Kargl bei sch\u00f6nem Wetter durch den Ort. Anschlie\u00dfend folgte eine Festsitzung im Saale des Gasthauses Seidenschwann mit verschiedenen Darbietungen, darunter war auch eine Musikgruppe der Sportunion sowie eine gr\u00f6\u00dfere Anzahl von Schulkindern t\u00e4tig.<\/p>\n<p>Nach dem Fasching 1947 \u00fcbersiedelte der langj\u00e4hrige Kapellmeister Adolf Kargl nach Pyhra und legte deswegen die Kapellmeisterstelle zur\u00fcck. Sein Amt \u00fcbernahm Johann Lampl.<\/p>\n<p>15.8.48-Bezirksfeuerwehrtag in Kilb<\/p>\n<p>Feldmesse beim Kriegerdenkmal, Spritzen- u. Autoweihe.<\/p>\n<p>15.5.49-Glockenweihe in Kilb<\/p>\n<p>(seit 14.1.42 bis auf das Z\u00fcgengl\u00f6cklein keine Glocken im Turm) 8 Tage vorher transportierte die Fa.Reikersdorfer mit einem neuen Saurer 5t LKW die 5 Glocken von Wien (Fa.Pfundner) nach Kilb. Beim Lagerhaus wurden die neuen Glocken mit Marschmusik empfangen.<\/p>\n<p>26.5.1949 &#8222;Himmelfahrtstag&#8220;-50j\u00e4hriger Bestand der Landw.Genossenschaft Kilb.<\/p>\n<p>Wie bei der Glockenweihe hatte der Markt Fahnenschmuck angelegt. Bei prachtvollem, sonnigem Wetter marschierten Festg\u00e4ste u. Teilnehmer unter den Kl\u00e4ngen der Musikkapellen von Kilb und Bischofstetten zum Hochamt in die Kirche. Anschlie\u00dfend fand beim Lagerhaus der Festakt statt, bei dem Bundeskanzler Leopold Figl die Festrede hielt. Diese Feier wurde ebenfalls mit Musikst\u00fccken beider Kapellen umrahmt.<\/p>\n<p>6.6.1949 Pfingstmontag: 7 Feuerwehren und viel lustiges Volk konnten sich beim Waldfest der FF-Rametzberg mit echtem Langenloiser und Sch\u00f6nberger den Durst l\u00f6schen. Viele tanzten zu den lustigen Weisen der Musikkapelle Lampl bis in die Dunkelheit, die man durch elektrisch beleuchtete Lampions verscheuchen wollte.<\/p>\n<p>Am 19.2.1951 ist Altkapellmeister Adolf Kargl in Pyhra verstorben. Beim Begr\u00e4bnis spielte die Kilber Musikkapelle zum Abschied.<\/p>\n<p>Am 8.7.1951 weihte P.Gregor Baresch die Johannes v. Nepomuk-Statue, die nach der Regulierung der Sierning renoviert worden war. Als Abschluss veranstaltete die Gemeinde ein Fest, bei dem zu den Kl\u00e4ngen der Musikkapelle bis in die fr\u00fchen Morgenstunden auf dem Marktplatz getanzt wurde. Mit dem Reinertrag konnte die Renovierung voll bezahlt werden.<\/p>\n<p>Der 75j\u00e4hrige Bestand der FF-Kilb wurde am 12.8.1951 gefeiert. Nach den offiziellen Festlichkeiten unter Mitwirkung der Musikkapelle gab es ein Fest im Schlo\u00dfpark mit Tanz, Bootfahren, Autodrom u.a.Belustigungen.<\/p>\n<p>Das erste Fu\u00dfballspiel wurde am 8.5.1955 auf dem (alten) Sportplatz ausgetragen. Die Musikkapelle war ebenfalls dabei.<\/p>\n<p>Am 5.6.1955 vollendete Pfarrer P.Gregor BARESCH sein 60. Lebensjahr. Am Vorabend wurde er besonders geehrt. Ein Fackelzug mit allen Vereinen und Honoratioren marschierte zum Pfarrhof, wo viele Geistliche (darunter auch Bischof-Koadjutor Dr. Franz K\u00f6nig und Abt v. G\u00f6ttweig P.Wilh. Zedinek) versammelt waren.<\/p>\n<p>Der 11. und 12.5.1956 waren f\u00fcr die Pfarre besondere Tage. Bischof Dr. Franz K\u00f6nig &#8211; der zwei Tage zuvor zum Erzbischof von Wien ernannt worden war &#8211; bei der Volksschule vom Klerus (darunter Pr\u00e4lat P.Wilh.Zedinek), den Honoratioren, den Vereinen, Schulkindern und der Bev\u00f6lkerung herzlich empfangen. Nach dem Willkommensgru\u00df durch Bgm. Zeller und anderen Pers\u00f6nlichkeiten erfolgte unter den Kl\u00e4ngen der Kapelle Lampl der Einzug in unsere Kirche. Am Sonnabend wurden nach der sehr gut besuchten Bischofsmesse 76 Kinder gefirmt. Um 14 Uhr verlie\u00df der Erzbischof wieder unseren festlich geschm\u00fcckten Markt.<\/p>\n<p>Am 10.6.1956 wurde in Kilb aus Anla\u00df des 80j\u00e4hrigen Bestandes der Musikkapelle ein Bezirksmusikertreffen abgehalten. F\u00fcr diesen Tag wurden die Mitglieder der Kapelle mit blauen Uniformen neu eingekleidet. Au\u00dfer der durch Kameraden aus Texing verst\u00e4rkten Ortskapelle waren 7 Musikkapellen erschienen.<\/p>\n<p>Bei der Weihe des Sportplatzes und des Freibades durch Geistl. Rat P.Gregor Baresch am 13.7.1958 war die Musikkapelle ebenfalls dabei. Schwimmbewerbe, Leichtathletik u. Turnvorf\u00fchrungen der Kilber und St.P\u00f6ltner Union erfreuten die zahlreichen Zuschauer.<\/p>\n<p>Der Tag der \u00f6sterr. Fahne wurde am 26.10.1958 vor dem Volksschulgeb\u00e4ude abgehalten. Wiederum sorgte die Musikkapelle f\u00fcr den festlichen Rahmen.<\/p>\n<p>Am 16.1.1959 legte Wagnermeister Johann Lampl aus Gesundheitsgr\u00fcnden die Leitung der Musikkapelle Kilb zur\u00fcck, die er seit 1947 vorz\u00fcglich gef\u00fchrt hatte. Am gleichen Tag wurde Herr Leopold Glinz einstimmig zum Kapellmeiter gew\u00e4hlt und mit der Weiterf\u00fchrung der Ortsmusik betraut. Herr Wilhelm Karl wurde am 14.1.1959 auf allgemeinen Wunsch als Dirigent f\u00fcr konzertante Musik bestellt.<\/p>\n<p>Die Musikkapelle wurde im April 1961 in einen Musikverein umgewandelt. Obmann wurde Josef Sirninger aus Freyen, Kapellmeister Leopold Glinz. Im Mai wurden normalgestimmte Musikinstrumente angekauft und die Umwandlung auf Normalstimmung vollzogen.<\/p>\n<p>Am 24.3.1962 ist unser Altkapellmeister Johann Lampl verstorben.<\/p>\n<p>Die Installierung des neuen Pfarrers P. Josef DANGL erfolgte am 14.7.1963. Mit Musik wurde der neue Pfarrherr bei der Schule empfangen und zur Kirche geleitet.<\/p>\n<p>Ende Mai 1968 erhielt unsere Musikkapelle eine moderne Tracht, die im Betrieb OTT aus Schlins-Vorarlberg hergestellt wurde. Das erste Auftreten der Trachtenkapelle nach der Einkleidung erfolgte am &#8222;Tag der Blasmusik&#8220;. Beim Platzkonzert am Marktplatz gab es viele Zuh\u00f6rer und auch der &#8222;Weckruf&#8220; am fr\u00fchen Morgen wurde von der Ortsbev\u00f6lkerung gutgehei\u00dfen.<\/p>\n<p>Anl\u00e4sslich eines Konzerts am 29.11.1969 verlieh der Bezirksobmann den Herren Leopold Glinz, Wilhelm Karl und Leopold Stuphan des Gro\u00dfe Ehrenzeichen und dem Bgm. F.Hinterberger die Silberne Ehrennadel.<\/p>\n<p>Am 14. Juni 1970 war die letzte von 3 Sportveranstaltungen zugunsten des &#8222;ROTEN KREUZES&#8220; in Kilb. Den Fu\u00dfballspielen zwischen den Lehrer-u.Sch\u00fclermannschaften der Gerichtsbezirke Mank-Melk wohnten au\u00dfer den Ehreng\u00e4sten (BH Hofrat Dr. Buxbaum) viele Leute von Kilb und Umgebung bei. Der Reinertrag dieser 3 Spiele betrug \u00fcber \u00f6S 20.000,&#8211;. Die Musikkapelle sorgte f\u00fcr die musikalische Umrahmung.<\/p>\n<p>Ein seltenes Fest war am 29.6.1971. Eine Priesterweihe durch Bischof Dr. Franz ZAK in Kilb. Am 4.Juli feierte Engelbert Salzmann, ein WahlKilber, die Primiz in unserer Kirche. Wiederum war unsere Musikkapelle neben den Jugendverb\u00e4nden, Vereinen und der Bev\u00f6lkerung vertreten, um diesen Tag w\u00fcrdig zu gestalten.<\/p>\n<p>Nach 13 j\u00e4hriger T\u00e4tigkeit legte Kapellmeister Leopold Glinz anl\u00e4sslich von Neuwahlen bei der Hauptversammlung am 9.10.1971 seine Stelle zur\u00fcck. Zum Nachfolger wurde Herr Alois Greul gew\u00e4hlt, zum Stellvertreter Leopold Glinz und als Obmann Franz Eckelsberger bestellt.<\/p>\n<p>Beim Landesmusikfest in St.P\u00f6lten vom 19. bis 21.5.1972 war auch der Bezirk Melk mit 31 Kapellen dabei. 5 Blasmusikkapellen: Kilb, Bischofstetten, Mank, St.Leonhard und Texing stammten aus dem Gerichtsbezirk Mank.<\/p>\n<p>Die Kilber Trachtenkapelle nahm auch an der Marschmusikbewertung teil.<\/p>\n<p>In Kettenreith wurde am 16.7.1972 das renovierte Denkmal f\u00fcr die Opfer der beiden Weltkriege vom Melker Abt Zupancic gesegnet. Zu dieser Feier hatten sich fast 500 Mitglieder des \u00d6KB aus den verschiedenen Ortsgruppen des Bezirkes mit 3 Musikkapellen (darunter auch die Kilber Musik) eingefunden.<\/p>\n<p>Am 29.6.1974 wurden die Feierlichkeiten der Hauptschulweihe in Kilb mit einem Pontifikalamt in der Pfarrkirche eingeleitet. Anschlie\u00dfend fand ein Festzug zur neuen Schule statt, bei dem sich au\u00dfer den Honoratioren die Musikkapelle Bischofstetten, die Trachtenkapelle Kilb, ein Fahnenblock, die Feuerwehren Kilb und Bischofstetten, Abordnungen des \u00d6KB, der Union, \u00fcber 350 Kinder und viele Leute aus dem Schulsprengel beteiligten. Nach der Weihe der Schulkreuze durch den G\u00f6ttweiger Abt Lashofer \u00fcbergaben LH Andreas Maurer u. Landtagspr\u00e4sident Binder die neue Schule in die Obhut der Schulgemeinde.<\/p>\n<p>&#8222;Gesang und Musik&#8220; wurde am 16.5.1976 auf dem Areal der Hauptschule Kilb geboten. Ungef\u00e4hr 600 Zuschauer f\u00fcllten den Pausenhof anl\u00e4sslich des Bezirksjugendsingens. Ein Monster-Programm wurde durch ein Platzkonzert der Trachtenkapelle Kilb eingeleitet. Au\u00dfer den Ch\u00f6ren der VS u. HS Kilb begeisterten die Darbietungen der HS-Ch\u00f6re von St.Leonhard, Mank u. Loosdorf, sowie die Musikschule Mank und die Jugendgruppe der Musikkapelle H\u00fcrm.<\/p>\n<p>100 Jahre Musikverein Kilb<\/p>\n<p>Mehr als 1500 G\u00e4ste feierten am 29. und 30. Mai 1976 den hundertj\u00e4hrigen Geburtstag des Musikvereines Kilb. 21 Gastkapellen wirkten bei diesem kulturellen Gro\u00dfereignis mit.<\/p>\n<p>28.2.1978 JAHRESHAUPTVERSAMMLUNG DES MusikvereinES<\/p>\n<p>Dabei wurde \u00fcber die rege T\u00e4tigkeit und die sparsame Verwaltung innerhalb des Vereines berichtet. Als Fernziel wollten die Musiker ein eigenes Heim auf einem geeigneten Grundst\u00fcck errichten, wof\u00fcr die Unterst\u00fctzung der Gemeinde zugesagt wurde. Bei der Neuwahl wurden Johann Wally als Obmann, Franz Eckelsberger als Stellvertreter, Alois Greul als Kapellmeister und Leopold Glinz als Stellvertreter best\u00e4tigt.<\/p>\n<p>Bei der Weihe der renovierten Kapelle in Kettenreith am 6.9.1981, die durch Pfarrer P.Wolfgang Sekirnjak vorgenommen wurde, wirkte die Trachtenkapelle Kilb ebenfalls mit.<\/p>\n<p>Die feierliche Weihe und Er\u00f6ffnung des neuen Zweigruppigen Kindergartens fand am 3.10.1981 statt. Pfarrer P.W.Sekirnjak segnete das neue Geb\u00e4ude, das dann von LH S.Ludwig seiner Bestimmung \u00fcbergeben wurde.<\/p>\n<p>In den &#8222;KilbER GEMEINDENACHRICHTEN&#8220; vom 28.12.1981 wurde \u00fcber den einstimmigen Beschluss des Gemeinderates der Ankauf eines Grundst\u00fcckes bekanntgegeben.<\/p>\n<p>Der Wunsch der Trachtenmusikkapelle Kilb wurde am 11.7.1982 mit dem SPATENSTICH F\u00dcR DAS MUSIKHEIM realisiert. Die Marktgemeinde stellte ein Grundst\u00fcck in der Kindergartensiedlung f\u00fcr das neue Heim zur Verf\u00fcgung und l\u00f6ste damit ein Versprechen ein, das anl\u00e4sslich der Gemeinderatswahl 1980 gegeben wurde. Der Spatenstich erfolgte bei zahlreicher Beteiligung der Bev\u00f6lkerung unter den Kl\u00e4ngen der Trachtenkapelle nach Ansprache des MV-Obmannes Wally, des Bgm. H\u00f6lzl und des Bezirksobmannes August Winter.<\/p>\n<p>Bei der SEGNUNG DER NEUEN ORGEL in unserem Gotteshaus durch den G\u00f6ttweiger Abt Clemens Lashofer am 31.10.1982 wirkte neben dem Kirchenchor und dem Orgelvirtuosen Prof.F.Haselb\u00f6ck, der u.a. auch Werke aus dem 19.Jhdt. vom ehemaligen Kilber Schulmeister Franz Lobinger ganz meisterlich vortrug, auch eine Bl\u00e4sergruppe der Trachtenmusikkapelle mit.<\/p>\n<p>Wie schon in vergangenen Jahren veranstaltete der Musikverein am 13.11.1982 im Gasthaus Heinreichsberger (Zivanovic) ein Wunschkonzert f\u00fcr alle Freunde der Blasmusik. Erstmals spielte dabei auch eine Jungbl\u00e4sergruppe unter ihrem Ausbildner Alois Greul.<\/p>\n<p>Anl\u00e4sslich der 900 Jahr-Feier der Pfarre Kilb und der damit verbundenen Veranstaltungen firmte Abt Clemens Lashofer aus G\u00f6ttweig in unserem sch\u00f6nen Gotteshaus viele Knaben und M\u00e4dchen. Am 12.6.1983 wurden beim Festgottesdienst u.a. Werke des Kilber Lehrers Franz Lobinger (Sonntagsmesse in F-Dur und ein Ave Maria), die er 1846 bzw. 1831 komponiert hatte, vom Kirchenchor dargeboten. Um 20 Uhr hielt Dr. Fr.Schragl in der Aula der HS-Kilb einen Festvortrag \u00fcber &#8222;900 Jahre Pfarre Kilb&#8220;. F\u00fcr die musikalische Umrahmung sorgte die Trachtenmusikkapelle Kilb.<\/p>\n<p>Der &#8222;Tag der Blasmusik&#8220; wurde wiederum mit einem Weckruf er\u00f6ffnet. An diesem 19. Juni wurde auch die von Steinmetzmeister W.Heindl renovierte NEPOMUKSTATUE geweiht. Bei diesem Festakt und dem Platzkonzert hatten sich viele Gemeindebewohner eingefunden.<\/p>\n<p>Vom 24.-26. Juni 1983 verbrachte eine Delegation der Kilber Gemeinde in Begleitung der Trachtenmusikkapelle und einer Fu\u00dfballmannschaft der Union Kilb in der Stadt Kirtorf frohe Stunden.<\/p>\n<p>Die Radiosendung 4\/4 kam am 16. Juli 1984 live aus Kilb. Willy Kralik moderierte die Sendung. Die Trachtenmusikkapelle war neben vielen anderen auch live dabei.<\/p>\n<p>1982-110j\u00e4hriges Bestandsjubil\u00e4um und Weihe des Musikheimes&lt;br&gt;<\/p>\n<p>Schon im Jahre 1982 wurde mit der Errichtung dieses Baues begonnen. Bedeutende Eigenleistungen der Musiker und wohlwollende G\u00f6nner unterst\u00fctzten dieses Bauvorhaben ebenso wie die Marktgemeinde Kilb, die au\u00dfer dem Grundst\u00fcck weiters nochf\u00fcr die Fertigstellung einen gro\u00dfz\u00fcgigen Betrag zur Verf\u00fcgung stellte.<\/p>\n<p>Auch den unterst\u00fctzenden Mitgliedern, die durch eine allj\u00e4hrliche Spende ihr besonderes Interesse am Gedeihen der Musikkapelle Kilb bekunden, wird herzlichst gedankt.<\/p>\n<\/div><\/div><\/div><\/div><\/div><\/p>\n","protected":false},"excerpt":{"rendered":"","protected":false},"author":1,"featured_media":0,"parent":0,"menu_order":0,"comment_status":"closed","ping_status":"closed","template":"100-width.php","meta":{"footnotes":""},"class_list":["post-3365","page","type-page","status-publish","hentry"],"jetpack_sharing_enabled":true,"_links":{"self":[{"href":"https:\/\/member.kilb.at\/musikverein\/wp-json\/wp\/v2\/pages\/3365","targetHints":{"allow":["GET"]}}],"collection":[{"href":"https:\/\/member.kilb.at\/musikverein\/wp-json\/wp\/v2\/pages"}],"about":[{"href":"https:\/\/member.kilb.at\/musikverein\/wp-json\/wp\/v2\/types\/page"}],"author":[{"embeddable":true,"href":"https:\/\/member.kilb.at\/musikverein\/wp-json\/wp\/v2\/users\/1"}],"replies":[{"embeddable":true,"href":"https:\/\/member.kilb.at\/musikverein\/wp-json\/wp\/v2\/comments?post=3365"}],"version-history":[{"count":31,"href":"https:\/\/member.kilb.at\/musikverein\/wp-json\/wp\/v2\/pages\/3365\/revisions"}],"predecessor-version":[{"id":3555,"href":"https:\/\/member.kilb.at\/musikverein\/wp-json\/wp\/v2\/pages\/3365\/revisions\/3555"}],"wp:attachment":[{"href":"https:\/\/member.kilb.at\/musikverein\/wp-json\/wp\/v2\/media?parent=3365"}],"curies":[{"name":"wp","href":"https:\/\/api.w.org\/{rel}","templated":true}]}}